{"id":16536,"date":"2025-05-14T09:27:40","date_gmt":"2025-05-14T09:27:40","guid":{"rendered":"https:\/\/mpaiers.de\/?page_id=16536"},"modified":"2025-07-26T10:38:33","modified_gmt":"2025-07-26T10:38:33","slug":"datenschutzerklarung","status":"publish","type":"page","link":"https:\/\/mpaiers.de\/en\/startseite\/impressum\/datenschutzerklarung\/","title":{"rendered":"Datenschutzerkl\u00e4rung"},"content":{"rendered":"<h3 class=\"\" data-start=\"225\" data-end=\"253\"><strong data-start=\"229\" data-end=\"253\"><span dir=\"auto\" style=\"vertical-align: inherit;\"><span dir=\"auto\" style=\"vertical-align: inherit;\">Gizlilik Politikas\u0131<\/span><\/span><\/strong><\/h3>\n<p><span dir=\"auto\" style=\"vertical-align: inherit;\"><span dir=\"auto\" style=\"vertical-align: inherit;\">Ki\u015fisel verilerinizin korunmas\u0131 bizim i\u00e7in son derece \u00f6nemlidir. Bu nedenle, verilerinizi yaln\u0131zca yasal d\u00fczenlemelere (GDPR, Alman Telemedya Yasas\u0131) uygun olarak i\u015fliyoruz. Bu gizlilik politikas\u0131nda, web sitemiz ve hizmetlerimiz kapsam\u0131ndaki veri i\u015flemenin en \u00f6nemli y\u00f6nleri hakk\u0131nda sizi bilgilendiriyoruz.<\/span><\/span><\/p>\n<hr class=\"\" data-start=\"581\" data-end=\"584\" \/>\n<h4 class=\"\" data-start=\"586\" data-end=\"614\"><strong data-start=\"591\" data-end=\"614\"><span dir=\"auto\" style=\"vertical-align: inherit;\"><span dir=\"auto\" style=\"vertical-align: inherit;\">1. Sorumlu ki\u015fi<\/span><\/span><\/strong><\/h4>\n<p><span dir=\"auto\" style=\"vertical-align: inherit;\"><span dir=\"auto\" style=\"vertical-align: inherit;\">Mpaiers GmbH <\/span><\/span><br \/>\n<span dir=\"auto\" style=\"vertical-align: inherit;\"><span dir=\"auto\" style=\"vertical-align: inherit;\">Mittelstr. 11 <\/span><\/span><br \/>\n<span dir=\"auto\" style=\"vertical-align: inherit;\"><span dir=\"auto\" style=\"vertical-align: inherit;\">40789 Monheim am Rhein <\/span><\/span><br \/>\n<span dir=\"auto\" style=\"vertical-align: inherit;\"><span dir=\"auto\" style=\"vertical-align: inherit;\">Telefon: +49 2173 2003720 <\/span><\/span><br \/>\n<span dir=\"auto\" style=\"vertical-align: inherit;\"><span dir=\"auto\" style=\"vertical-align: inherit;\">E-posta: info@mpaiers.de<\/span><\/span><\/p>\n<p><span dir=\"auto\" style=\"vertical-align: inherit;\"><span dir=\"auto\" style=\"vertical-align: inherit;\">Bu web sitesindeki verilerin i\u015flenmesinden Mpaiers GmbH y\u00f6netimi sorumludur.<\/span><\/span><\/p>\n<hr class=\"\" data-start=\"778\" data-end=\"781\" \/>\n<h4 class=\"\" data-start=\"783\" data-end=\"844\"><strong data-start=\"788\" data-end=\"844\"><span dir=\"auto\" style=\"vertical-align: inherit;\"><span dir=\"auto\" style=\"vertical-align: inherit;\">2. Ki\u015fisel verilerin toplanmas\u0131 ve i\u015flenmesi<\/span><\/span><\/strong><\/h4>\n<p><span dir=\"auto\" style=\"vertical-align: inherit;\"><span dir=\"auto\" style=\"vertical-align: inherit;\">Ki\u015fisel verileri yaln\u0131zca yasalarca izin verildi\u011finde veya siz veri toplanmas\u0131na onay verdi\u011finizde toplar, saklar ve i\u015fleriz.<\/span><\/span><\/p>\n<p><span dir=\"auto\" style=\"vertical-align: inherit;\"><span dir=\"auto\" style=\"vertical-align: inherit;\">Ki\u015fisel veriler, \u00f6rne\u011fin \u015funlar\u0131 i\u00e7erir:<\/span><\/span><\/p>\n<ul>\n<li><span dir=\"auto\" style=\"vertical-align: inherit;\"><span dir=\"auto\" style=\"vertical-align: inherit;\">\u0130sim, adres<\/span><\/span><\/li>\n<li><span dir=\"auto\" style=\"vertical-align: inherit;\"><span dir=\"auto\" style=\"vertical-align: inherit;\">E-posta adresi, telefon numaras\u0131<\/span><\/span><\/li>\n<li><span dir=\"auto\" style=\"vertical-align: inherit;\"><span dir=\"auto\" style=\"vertical-align: inherit;\">IP adresi<\/span><\/span><\/li>\n<li><span dir=\"auto\" style=\"vertical-align: inherit;\"><span dir=\"auto\" style=\"vertical-align: inherit;\">\u0130leti\u015fime ge\u00e7ildi\u011finde veya i\u015f birli\u011fi yap\u0131ld\u0131\u011f\u0131nda \u015firket verileri<\/span><\/span><\/li>\n<\/ul>\n<hr class=\"\" data-start=\"1165\" data-end=\"1168\" \/>\n<h4 class=\"\" data-start=\"1170\" data-end=\"1209\"><strong data-start=\"1175\" data-end=\"1209\"><span dir=\"auto\" style=\"vertical-align: inherit;\"><span dir=\"auto\" style=\"vertical-align: inherit;\">3. Veri i\u015flemenin amac\u0131<\/span><\/span><\/strong><\/h4>\n<p><span dir=\"auto\" style=\"vertical-align: inherit;\"><span dir=\"auto\" style=\"vertical-align: inherit;\">\u0130\u015fleme a\u015fa\u011f\u0131daki ama\u00e7lar do\u011frultusunda ger\u00e7ekle\u015ftirilmektedir:<\/span><\/span><\/p>\n<ul>\n<li><span dir=\"auto\" style=\"vertical-align: inherit;\"><span dir=\"auto\" style=\"vertical-align: inherit;\">Sizinle ileti\u015fime ge\u00e7mek ve sorular\u0131n\u0131z\u0131 yan\u0131tlamak i\u00e7in<\/span><\/span><\/li>\n<li><span dir=\"auto\" style=\"vertical-align: inherit;\"><span dir=\"auto\" style=\"vertical-align: inherit;\">S\u00f6zle\u015fmelerin yerine getirilmesi ve ticari ili\u015fkilerin i\u015flenmesi i\u00e7in<\/span><\/span><\/li>\n<li><span dir=\"auto\" style=\"vertical-align: inherit;\"><span dir=\"auto\" style=\"vertical-align: inherit;\">\u00c7evrimi\u00e7i teklifimizi geli\u015ftirmek i\u00e7in<\/span><\/span><\/li>\n<li><span dir=\"auto\" style=\"vertical-align: inherit;\"><span dir=\"auto\" style=\"vertical-align: inherit;\">Yasal y\u00fck\u00fcml\u00fcl\u00fckleri yerine getirmek i\u00e7in<\/span><\/span><\/li>\n<\/ul>\n<hr class=\"\" data-start=\"1470\" data-end=\"1473\" \/>\n<h4 class=\"\" data-start=\"1475\" data-end=\"1507\"><strong data-start=\"1480\" data-end=\"1507\"><span dir=\"auto\" style=\"vertical-align: inherit;\"><span dir=\"auto\" style=\"vertical-align: inherit;\">4. \u00dc\u00e7\u00fcnc\u00fc taraflara a\u00e7\u0131klama<\/span><\/span><\/strong><\/h4>\n<p><span dir=\"auto\" style=\"vertical-align: inherit;\"><span dir=\"auto\" style=\"vertical-align: inherit;\">Verileriniz yaln\u0131zca kanunen izin verilmesi veya s\u00f6zle\u015fmesel y\u00fck\u00fcml\u00fcl\u00fcklerimizi yerine getirmek i\u00e7in gerekli olmas\u0131 halinde \u00fc\u00e7\u00fcnc\u00fc taraflara aktar\u0131lacakt\u0131r (\u00f6rne\u011fin vergi dan\u0131\u015fmanlar\u0131, bar\u0131nd\u0131rma sa\u011flay\u0131c\u0131lar\u0131, BT hizmet sa\u011flay\u0131c\u0131lar\u0131).<\/span><\/span><\/p>\n<hr class=\"\" data-start=\"1722\" data-end=\"1725\" \/>\n<h4 class=\"\" data-start=\"1727\" data-end=\"1750\"><strong data-start=\"1732\" data-end=\"1750\"><span dir=\"auto\" style=\"vertical-align: inherit;\"><span dir=\"auto\" style=\"vertical-align: inherit;\">5. Haklar\u0131n\u0131z<\/span><\/span><\/strong><\/h4>\n<p><span dir=\"auto\" style=\"vertical-align: inherit;\"><span dir=\"auto\" style=\"vertical-align: inherit;\">\u0130stedi\u011finiz zaman \u015fu haklara sahipsiniz:<\/span><\/span><\/p>\n<ul>\n<li><span dir=\"auto\" style=\"vertical-align: inherit;\"><span dir=\"auto\" style=\"vertical-align: inherit;\">Saklanan verileriniz hakk\u0131nda bilgi<\/span><\/span><\/li>\n<li><span dir=\"auto\" style=\"vertical-align: inherit;\"><span dir=\"auto\" style=\"vertical-align: inherit;\">Hatal\u0131 verilerin d\u00fczeltilmesi<\/span><\/span><\/li>\n<li><span dir=\"auto\" style=\"vertical-align: inherit;\"><span dir=\"auto\" style=\"vertical-align: inherit;\">Verilerinizin silinmesi (yasal bir saklama zorunlulu\u011fu olmad\u0131\u011f\u0131 s\u00fcrece)<\/span><\/span><\/li>\n<li><span dir=\"auto\" style=\"vertical-align: inherit;\"><span dir=\"auto\" style=\"vertical-align: inherit;\">\u0130\u015flemenin k\u0131s\u0131tlanmas\u0131<\/span><\/span><\/li>\n<li><span dir=\"auto\" style=\"vertical-align: inherit;\"><span dir=\"auto\" style=\"vertical-align: inherit;\">Veri ta\u015f\u0131nabilirli\u011fi<\/span><\/span><\/li>\n<li><span dir=\"auto\" style=\"vertical-align: inherit;\"><span dir=\"auto\" style=\"vertical-align: inherit;\">Verilen onay\u0131n geri al\u0131nmas\u0131<\/span><\/span><\/li>\n<li><span dir=\"auto\" style=\"vertical-align: inherit;\"><span dir=\"auto\" style=\"vertical-align: inherit;\">Veri koruma otoritesine \u015fikayet<\/span><\/span><\/li>\n<\/ul>\n<hr class=\"\" data-start=\"2092\" data-end=\"2095\" \/>\n<h4 class=\"\" data-start=\"2097\" data-end=\"2124\"><strong data-start=\"2102\" data-end=\"2124\"><span dir=\"auto\" style=\"vertical-align: inherit;\"><span dir=\"auto\" style=\"vertical-align: inherit;\">6. Veri g\u00fcvenli\u011fi<\/span><\/span><\/strong><\/h4>\n<p><span dir=\"auto\" style=\"vertical-align: inherit;\"><span dir=\"auto\" style=\"vertical-align: inherit;\">Ki\u015fisel verilerinizin kaybolmas\u0131n\u0131, imha edilmesini, de\u011fi\u015ftirilmesini ve yetkisiz eri\u015fime kar\u015f\u0131 korunmas\u0131n\u0131 sa\u011flamak i\u00e7in teknik ve organizasyonel g\u00fcvenlik \u00f6nlemleri kullan\u0131yoruz.<\/span><\/span><\/p>\n<hr class=\"\" data-start=\"2302\" data-end=\"2305\" \/>\n<h4 class=\"\" data-start=\"2307\" data-end=\"2342\"><strong data-start=\"2312\" data-end=\"2342\"><span dir=\"auto\" style=\"vertical-align: inherit;\"><span dir=\"auto\" style=\"vertical-align: inherit;\">7. Veri koruma i\u00e7in ileti\u015fim<\/span><\/span><\/strong><\/h4>\n<p><span dir=\"auto\" style=\"vertical-align: inherit;\"><span dir=\"auto\" style=\"vertical-align: inherit;\">Veri korumayla ilgili herhangi bir sorunuz varsa l\u00fctfen \u015fu ki\u015fiyle ileti\u015fime ge\u00e7in: <\/span><\/span><br \/>\n<span dir=\"auto\" style=\"vertical-align: inherit;\"><span dir=\"auto\" style=\"vertical-align: inherit;\">Eren Tandogan <\/span><\/span><br \/>\n<span dir=\"auto\" style=\"vertical-align: inherit;\"><span dir=\"auto\" style=\"vertical-align: inherit;\">E-posta: info@mpaiers.de<\/span><\/span><\/p>\n<hr class=\"\" data-start=\"2473\" data-end=\"2476\" \/>\n<h4 class=\"\" data-start=\"2478\" data-end=\"2528\"><strong data-start=\"2483\" data-end=\"2528\"><span dir=\"auto\" style=\"vertical-align: inherit;\"><span dir=\"auto\" style=\"vertical-align: inherit;\">8. Bu Gizlilik Politikas\u0131ndaki De\u011fi\u015fiklikler<\/span><\/span><\/strong><\/h4>\n<p><span dir=\"auto\" style=\"vertical-align: inherit;\"><span dir=\"auto\" style=\"vertical-align: inherit;\">Bu gizlilik politikas\u0131n\u0131 gerekti\u011fi gibi de\u011fi\u015ftirme hakk\u0131m\u0131z\u0131 sakl\u0131 tutuyoruz. G\u00fcncel s\u00fcr\u00fcme her zaman web sitemizden ula\u015fabilirsiniz.<\/span><\/span><\/p>","protected":false},"excerpt":{"rendered":"<p>Gizlilik Politikas\u0131 Ki\u015fisel verilerinizin korunmas\u0131 bizim i\u00e7in son derece \u00f6nemlidir. Bu nedenle, verilerinizi yaln\u0131zca yasal d\u00fczenlemelere (GDPR, Alman Telemedya Yasas\u0131) uygun olarak i\u015fliyoruz. Bu gizlilik politikas\u0131nda, web sitemiz ve hizmetlerimiz kapsam\u0131ndaki veri i\u015flemenin en \u00f6nemli y\u00f6nleri hakk\u0131nda sizi bilgilendiriyoruz. 1. Sorumlu ki\u015fi Mpaiers GmbH Mittelstr. 11 40789 Monheim am Rhein Telefon: +49 2173 2003720 E-posta: [&hellip;]<\/p>","protected":false},"author":1,"featured_media":0,"parent":16539,"menu_order":0,"comment_status":"closed","ping_status":"closed","template":"","meta":{"om_disable_all_campaigns":false,"_monsterinsights_skip_tracking":false,"_monsterinsights_sitenote_active":false,"_monsterinsights_sitenote_note":"","_monsterinsights_sitenote_category":0,"footnotes":""},"class_list":["post-16536","page","type-page","status-publish","hentry"],"aioseo_notices":[],"_links":{"self":[{"href":"https:\/\/mpaiers.de\/en\/wp-json\/wp\/v2\/pages\/16536","targetHints":{"allow":["GET"]}}],"collection":[{"href":"https:\/\/mpaiers.de\/en\/wp-json\/wp\/v2\/pages"}],"about":[{"href":"https:\/\/mpaiers.de\/en\/wp-json\/wp\/v2\/types\/page"}],"author":[{"embeddable":true,"href":"https:\/\/mpaiers.de\/en\/wp-json\/wp\/v2\/users\/1"}],"replies":[{"embeddable":true,"href":"https:\/\/mpaiers.de\/en\/wp-json\/wp\/v2\/comments?post=16536"}],"version-history":[{"count":0,"href":"https:\/\/mpaiers.de\/en\/wp-json\/wp\/v2\/pages\/16536\/revisions"}],"up":[{"embeddable":true,"href":"https:\/\/mpaiers.de\/en\/wp-json\/wp\/v2\/pages\/16539"}],"wp:attachment":[{"href":"https:\/\/mpaiers.de\/en\/wp-json\/wp\/v2\/media?parent=16536"}],"curies":[{"name":"wp","href":"https:\/\/api.w.org\/{rel}","templated":true}]}}